{"id":77,"date":"2020-11-10T16:41:54","date_gmt":"2020-11-10T16:41:54","guid":{"rendered":"https:\/\/www.patronademostoles.es\/es\/?page_id=77"},"modified":"2021-01-10T11:32:31","modified_gmt":"2021-01-10T11:32:31","slug":"la-virgen-de-los-santos","status":"publish","type":"page","link":"https:\/\/www.patronademostoles.es\/es\/la-virgen-de-los-santos\/","title":{"rendered":"La Virgen de los Santos"},"content":{"rendered":"<div data-colibri-id=\"77-c1\" class=\"style-594 style-local-77-c1 position-relative\">\n  <!---->\n  <div data-colibri-component=\"section\" data-colibri-id=\"77-c2\" id=\"initial-content\" class=\"h-section h-section-global-spacing d-flex align-items-lg-center align-items-md-center align-items-center style-595 style-local-77-c2 position-relative\">\n    <!---->\n    <!---->\n    <div class=\"h-section-grid-container h-section-boxed-container\">\n      <!---->\n      <div data-colibri-id=\"77-c3\" class=\"h-row-container gutters-row-lg-2 gutters-row-md-2 gutters-row-0 gutters-row-v-lg-2 gutters-row-v-md-2 gutters-row-v-2 style-599 style-local-77-c3 position-relative\">\n        <!---->\n        <div class=\"h-row justify-content-lg-center justify-content-md-center justify-content-center align-items-lg-stretch align-items-md-stretch align-items-stretch gutters-col-lg-2 gutters-col-md-2 gutters-col-0 gutters-col-v-lg-2 gutters-col-v-md-2 gutters-col-v-2\">\n          <!---->\n          <div class=\"h-column h-column-container d-flex h-col-lg-auto h-col-md-auto h-col-auto style-600-outer style-local-77-c4-outer\">\n            <div data-colibri-id=\"77-c4\" class=\"d-flex h-flex-basis h-column__inner h-px-lg-2 h-px-md-2 h-px-2 v-inner-lg-2 v-inner-md-2 v-inner-2 style-600 style-local-77-c4 position-relative\">\n              <!---->\n              <!---->\n              <div class=\"w-100 h-y-container h-column__content h-column__v-align flex-basis-100 align-self-lg-start align-self-md-start align-self-start\">\n                <!---->\n                <div data-colibri-id=\"77-c5\" class=\"d-block style-602 style-local-77-c5 position-relative h-element\">\n                  <!---->\n                  <div class=\"h-image__frame-container-outer\">\n                    <div class=\"h-image__frame-container\">\n                      <!---->\n                      <!---->\n                      <img loading=\"lazy\" decoding=\"async\" width=\"162\" height=\"250\" src=\"https:\/\/www.patronademostoles.es\/es\/wp-content\/uploads\/2020\/12\/cropped-Patrona_1908-1.jpg\" class=\"wp-image-716 style-602-image style-local-77-c5-image\" alt=\"\" \/>\n                      <div class=\"h-image__frame h-hide-lg h-hide-md h-hide-sm style-602-frameImage style-local-77-c5-frameImage\"><\/div>\n                    <\/div>\n                  <\/div>\n                <\/div>\n              <\/div>\n            <\/div>\n          <\/div>\n          <div class=\"h-column h-column-container d-flex h-col-lg-auto h-col-md-auto h-col-auto style-601-outer style-local-77-c6-outer\">\n            <div data-colibri-id=\"77-c6\" class=\"d-flex h-flex-basis h-column__inner h-px-lg-2 h-px-md-2 h-px-2 v-inner-lg-2 v-inner-md-2 v-inner-2 style-601 style-local-77-c6 position-relative\">\n              <!---->\n              <!---->\n              <div class=\"w-100 h-y-container h-column__content h-column__v-align flex-basis-100 align-self-lg-start align-self-md-start align-self-start\">\n                <!---->\n                <div data-colibri-id=\"77-c7\" class=\"h-text h-text-component style-603 style-local-77-c7 position-relative h-element\">\n                  <!---->\n                  <!---->\n                  <div class=\"\">\n                    <p>Una tarde hermosa y apacible del mes de septiembre de 1.514, jugando varios j\u00f3venes en el mismo sitio en donde hoy se encuentra construida la Ermita, fue a parar la pelota a un peque\u00f1o agujero cerca de uno de los muros laterales de\n                      aquella especie de front\u00f3n.<\/p>\n                    <p>Inmediatamente y con objeto de sacarla empezaron a ahondarlo y ensancharlo, y notando que debajo de aquel sitio hab\u00eda una gran oquedad, persistieron en la socavaci\u00f3n hasta que vieron que debajo hab\u00eda una cueva a la que fue a parar\n                      la pelota\u2026.&nbsp;<\/p>\n                    <p>Pero cual no ser\u00eda la sorpresa de los all\u00ed presentes al o\u00edr los gritos del muchacho, que con voz entrecortada por la emoci\u00f3n dec\u00eda: Aqu\u00ed hay una Virgen con unos Santos.<\/p>\n                    <p>\n                      <br>\n                    <\/p>\n                  <\/div>\n                <\/div>\n              <\/div>\n            <\/div>\n          <\/div>\n        <\/div>\n      <\/div>\n      <div data-colibri-id=\"77-c8\" class=\"h-row-container gutters-row-lg-2 gutters-row-md-2 gutters-row-0 gutters-row-v-lg-2 gutters-row-v-md-2 gutters-row-v-2 style-604 style-local-77-c8 position-relative\">\n        <!---->\n        <div class=\"h-row justify-content-lg-center justify-content-md-center justify-content-center align-items-lg-stretch align-items-md-stretch align-items-stretch gutters-col-lg-2 gutters-col-md-2 gutters-col-0 gutters-col-v-lg-2 gutters-col-v-md-2 gutters-col-v-2\">\n          <!---->\n          <div class=\"h-column h-column-container d-flex h-col-lg-auto h-col-md-auto h-col-auto style-605-outer style-local-77-c9-outer\">\n            <div data-colibri-id=\"77-c9\" class=\"d-flex h-flex-basis h-column__inner h-px-lg-2 h-px-md-2 h-px-2 v-inner-lg-2 v-inner-md-2 v-inner-2 style-605 style-local-77-c9 position-relative\">\n              <!---->\n              <!---->\n              <div class=\"w-100 h-y-container h-column__content h-column__v-align flex-basis-100 align-self-lg-start align-self-md-start align-self-start\">\n                <!---->\n                <div data-colibri-id=\"77-c10\" class=\"h-text h-text-component style-607 style-local-77-c10 position-relative h-element\">\n                  <!---->\n                  <!---->\n                  <div class=\"\">\n                    <p>Cuando el hecho se puso en conocimiento de las autoridades del lugar, sacaron a la imagen del tal sitio y la depositaron en un modesto santuario para la veneraci\u00f3n de tal imagen. En un principio estuvo la capilla en el lugar del hallazgo,\n                      donde hoy se encuentra la Sacrist\u00eda actual.<\/p>\n                    <p>Seg\u00fan el cronista juan de Oca\u00f1a Prados, la imagen estuvo en tal lugar durante 88 a\u00f1os, hasta que en el 1602 don\u00f3 generosamente Do\u00f1a Constanza de Rojas, madre de San Sim\u00f3n de Rojas, la casa que la pertenec\u00eda y que lindaba con el primitivo\n                      santuario, para as\u00ed ampliarlo y reedificarlo. El entusiasmo del pueblo por tan precioso hallazgo no tuvo l\u00edmites y desde aquel momento fue un\u00e1nime proclamada la imagen patrona y protectora de M\u00f3stoles.<\/p>\n                    <p>\n                      <br>\n                    <\/p>\n                  <\/div>\n                <\/div>\n              <\/div>\n            <\/div>\n          <\/div>\n        <\/div>\n      <\/div>\n      <div data-colibri-id=\"77-c11\" class=\"h-row-container gutters-row-lg-2 gutters-row-md-2 gutters-row-0 gutters-row-v-lg-2 gutters-row-v-md-2 gutters-row-v-2 style-608 style-local-77-c11 position-relative\">\n        <!---->\n        <div class=\"h-row justify-content-lg-center justify-content-md-center justify-content-center align-items-lg-stretch align-items-md-stretch align-items-stretch gutters-col-lg-2 gutters-col-md-2 gutters-col-0 gutters-col-v-lg-2 gutters-col-v-md-2 gutters-col-v-2\">\n          <!---->\n          <div class=\"h-column h-column-container d-flex h-col-lg-auto h-col-md-auto h-col-auto style-609-outer style-local-77-c12-outer\">\n            <div data-colibri-id=\"77-c12\" class=\"d-flex h-flex-basis h-column__inner h-px-lg-2 h-px-md-2 h-px-2 v-inner-lg-2 v-inner-md-2 v-inner-2 style-609 style-local-77-c12 position-relative\">\n              <!---->\n              <!---->\n              <div class=\"w-100 h-y-container h-column__content h-column__v-align flex-basis-100 align-self-lg-start align-self-md-start align-self-start\">\n                <!---->\n                <div data-colibri-id=\"77-c13\" class=\"h-global-transition-all h-heading style-611 style-local-77-c13 position-relative h-element\">\n                  <!---->\n                  <div class=\"h-heading__outer style-611 style-local-77-c13\">\n                    <!---->\n                    <!---->\n                    <h4 class=\"\">Origen de la advocaci\u00f3n<\/h4>\n                  <\/div>\n                <\/div>\n              <\/div>\n            <\/div>\n          <\/div>\n        <\/div>\n      <\/div>\n      <div data-colibri-id=\"77-c14\" class=\"h-row-container gutters-row-lg-2 gutters-row-md-2 gutters-row-0 gutters-row-v-lg-2 gutters-row-v-md-2 gutters-row-v-2 style-612 style-local-77-c14 position-relative\">\n        <!---->\n        <div class=\"h-row justify-content-lg-center justify-content-md-center justify-content-center align-items-lg-stretch align-items-md-stretch align-items-stretch gutters-col-lg-2 gutters-col-md-2 gutters-col-0 gutters-col-v-lg-2 gutters-col-v-md-2 gutters-col-v-2\">\n          <!---->\n          <div class=\"h-column h-column-container d-flex h-col-lg-auto h-col-md-auto h-col-auto style-613-outer style-local-77-c15-outer\">\n            <div data-colibri-id=\"77-c15\" class=\"d-flex h-flex-basis h-column__inner h-px-lg-2 h-px-md-2 h-px-2 v-inner-lg-2 v-inner-md-2 v-inner-2 style-613 style-local-77-c15 position-relative\">\n              <!---->\n              <!---->\n              <div class=\"w-100 h-y-container h-column__content h-column__v-align flex-basis-100 align-self-lg-start align-self-md-start align-self-start\">\n                <!---->\n                <div data-colibri-id=\"77-c16\" class=\"h-text h-text-component style-615 style-local-77-c16 position-relative h-element\">\n                  <!---->\n                  <!---->\n                  <div class=\"\">\n                    <p>Existen dos versiones acerca del origen del t\u00edtulo de Nuestra Se\u00f1ora de los Santos. Una es la de que sirvi\u00f3 de base para ello, la frase del ni\u00f1o al descubrir la imagen, que como queda expresado fue: Aqu\u00ed hay una Virgen con unos Santos.<\/p>\n                    <p>La otra versi\u00f3n es que no habiendo unanimidad de pareceres respecto a la advocaci\u00f3n que hab\u00eda de elegirse, se suscribieron varias c\u00e9dulas con nombres que convienen y son propios a estas im\u00e1genes para que la suerte decidiera, y se sac\u00f3\n                      hasta por tres veces que fue repetida la operaci\u00f3n, el de Regina Santorum, que se encuentra en la letan\u00eda del Rosario.&nbsp;<\/p>\n                    <p>\n                      <br>\n                    <\/p>\n                  <\/div>\n                <\/div>\n              <\/div>\n            <\/div>\n          <\/div>\n        <\/div>\n      <\/div>\n      <div data-colibri-id=\"77-c17\" class=\"h-row-container gutters-row-lg-2 gutters-row-md-2 gutters-row-0 gutters-row-v-lg-2 gutters-row-v-md-2 gutters-row-v-2 style-616 style-local-77-c17 position-relative\">\n        <!---->\n        <div class=\"h-row justify-content-lg-center justify-content-md-center justify-content-center align-items-lg-stretch align-items-md-stretch align-items-stretch gutters-col-lg-2 gutters-col-md-2 gutters-col-0 gutters-col-v-lg-2 gutters-col-v-md-2 gutters-col-v-2\">\n          <!---->\n          <div class=\"h-column h-column-container d-flex h-col-lg-auto h-col-md-auto h-col-auto style-617-outer style-local-77-c18-outer\">\n            <div data-colibri-id=\"77-c18\" class=\"d-flex h-flex-basis h-column__inner h-px-lg-2 h-px-md-2 h-px-2 v-inner-lg-2 v-inner-md-2 v-inner-2 style-617 style-local-77-c18 position-relative\">\n              <!---->\n              <!---->\n              <div class=\"w-100 h-y-container h-column__content h-column__v-align flex-basis-100 align-self-lg-start align-self-md-start align-self-start\">\n                <!---->\n                <div data-colibri-id=\"77-c19\" class=\"h-global-transition-all h-heading style-619 style-local-77-c19 position-relative h-element\">\n                  <!---->\n                  <div class=\"h-heading__outer style-619 style-local-77-c19\">\n                    <!---->\n                    <!---->\n                    <h4 class=\"\">El 12 de septiembre, su fiesta<\/h4>\n                  <\/div>\n                <\/div>\n              <\/div>\n            <\/div>\n          <\/div>\n        <\/div>\n      <\/div>\n      <div data-colibri-id=\"77-c20\" class=\"h-row-container gutters-row-lg-2 gutters-row-md-2 gutters-row-0 gutters-row-v-lg-2 gutters-row-v-md-2 gutters-row-v-2 style-620 style-local-77-c20 position-relative\">\n        <!---->\n        <div class=\"h-row justify-content-lg-center justify-content-md-center justify-content-center align-items-lg-stretch align-items-md-stretch align-items-stretch gutters-col-lg-2 gutters-col-md-2 gutters-col-0 gutters-col-v-lg-2 gutters-col-v-md-2 gutters-col-v-2\">\n          <!---->\n          <div class=\"h-column h-column-container d-flex h-col-lg-auto h-col-md-auto h-col-auto style-621-outer style-local-77-c21-outer\">\n            <div data-colibri-id=\"77-c21\" class=\"d-flex h-flex-basis h-column__inner h-px-lg-2 h-px-md-2 h-px-2 v-inner-lg-2 v-inner-md-2 v-inner-2 style-621 style-local-77-c21 position-relative\">\n              <!---->\n              <!---->\n              <div class=\"w-100 h-y-container h-column__content h-column__v-align flex-basis-100 align-self-lg-start align-self-md-start align-self-start\">\n                <!---->\n                <div data-colibri-id=\"77-c22\" class=\"d-block style-623 style-local-77-c22 position-relative h-element\">\n                  <!---->\n                  <div class=\"h-image__frame-container-outer\">\n                    <div class=\"h-image__frame-container\">\n                      <!---->\n                      <!---->\n                      <img loading=\"lazy\" decoding=\"async\" width=\"1700\" height=\"1702\" src=\"https:\/\/www.patronademostoles.es\/es\/wp-content\/uploads\/2020\/12\/cropped-PORTADA-scaled-1.jpg\" class=\"wp-image-697 style-623-image style-local-77-c22-image\" alt=\"\" srcset=\"https:\/\/www.patronademostoles.es\/es\/wp-content\/uploads\/2020\/12\/cropped-PORTADA-scaled-1.jpg 1700w, https:\/\/www.patronademostoles.es\/es\/wp-content\/uploads\/2020\/12\/cropped-PORTADA-scaled-1-300x300.jpg 300w, https:\/\/www.patronademostoles.es\/es\/wp-content\/uploads\/2020\/12\/cropped-PORTADA-scaled-1-1024x1024.jpg 1024w, https:\/\/www.patronademostoles.es\/es\/wp-content\/uploads\/2020\/12\/cropped-PORTADA-scaled-1-150x150.jpg 150w, https:\/\/www.patronademostoles.es\/es\/wp-content\/uploads\/2020\/12\/cropped-PORTADA-scaled-1-768x769.jpg 768w, https:\/\/www.patronademostoles.es\/es\/wp-content\/uploads\/2020\/12\/cropped-PORTADA-scaled-1-1534x1536.jpg 1534w\" sizes=\"auto, (max-width: 1700px) 100vw, 1700px\" \/>\n                      <div class=\"h-image__frame h-hide-lg h-hide-md h-hide-sm style-623-frameImage style-local-77-c22-frameImage\"><\/div>\n                    <\/div>\n                  <\/div>\n                <\/div>\n              <\/div>\n            <\/div>\n          <\/div>\n          <div class=\"h-column h-column-container d-flex h-col-lg-auto h-col-md-auto h-col-auto style-622-outer style-local-77-c23-outer\">\n            <div data-colibri-id=\"77-c23\" class=\"d-flex h-flex-basis h-column__inner h-px-lg-2 h-px-md-2 h-px-2 v-inner-lg-2 v-inner-md-2 v-inner-2 style-622 style-local-77-c23 position-relative\">\n              <!---->\n              <!---->\n              <div class=\"w-100 h-y-container h-column__content h-column__v-align flex-basis-100 align-self-lg-start align-self-md-start align-self-start\">\n                <!---->\n                <div data-colibri-id=\"77-c24\" class=\"h-text h-text-component style-624 style-local-77-c24 position-relative h-element\">\n                  <!---->\n                  <!---->\n                  <div class=\"\">\n                    <p><span style=\"color: rgb(153, 153, 153); font-family: &quot;Open Sans&quot;; font-size: 16px; font-weight: 400;\">La fiesta se celebra el 12 de septiembre, d\u00eda del Dulce Nombre de Mar\u00eda, con mucha devoci\u00f3n por los Mostole\u00f1os y vecinos que viene a disfrutar de este d\u00eda. Estos actos lit\u00fargicos han sido declarados por la Comunidad de Madrid Fiesta de Inter\u00e9s Tur\u00edstico Regional debido a la importancia y repercusi\u00f3n que tienen los mismos en toda la provincia.<\/span><\/p>\n                    <p>\ufeffSin embargo, los festejos comienzan el d\u00eda 3 de septiembre, con el inicio de la Novena en honor de Nuestra Se\u00f1ora de los Santos que se celebra a las 19:30 horas en su templo, ofreciendo primero un Santo Rosario a la Virgen y posteriormente\n                      la eucarist\u00eda a la que asisten sacerdotes de las distintas parroquias de la ciudad.<\/p>\n                    <p>El d\u00eda 11 de septiembre comienzan oficialmente los actos municipales con la tradicional ofrenda de flores a la patrona en la fachada de la ermita donde se coloca un gran cuadro con la imagen de Nuestra Se\u00f1ora de los Santos. A lo largo\n                      de la tarde, miles de personas pasan por la Cuesta de la Virgen para entregar su ramo a la Virgen, formando un manto floral que permanece expuesto hasta la ma\u00f1ana del 13 de septiembre.<\/p>\n                    <p><span style=\"font-weight: 400; font-size: 16px; font-family: &quot;Open Sans&quot;; color: rgb(153, 153, 153);\">A las 21 horas los mostole\u00f1os se vuelven a congregar ante su patrona para el acto de la Solemne Salve Cantada, en el que todos los asistentes se encomiendan a la Madre de Dios como pre\u00e1mbulo al d\u00eda de la Fiesta Grande.<\/span><\/p>\n                    <p>\n                      <br>\n                    <\/p>\n                    <p><span style=\"color: rgb(153, 153, 153); font-family: &quot;Open Sans&quot;; font-size: 16px; font-weight: 400;\">\ufeff<\/span><\/p>\n                  <\/div>\n                <\/div>\n              <\/div>\n            <\/div>\n          <\/div>\n        <\/div>\n      <\/div>\n      <div data-colibri-id=\"77-c25\" class=\"h-row-container gutters-row-lg-2 gutters-row-md-2 gutters-row-0 gutters-row-v-lg-2 gutters-row-v-md-2 gutters-row-v-2 style-625 style-local-77-c25 position-relative\">\n        <!---->\n        <div class=\"h-row justify-content-lg-center justify-content-md-center justify-content-center align-items-lg-stretch align-items-md-stretch align-items-stretch gutters-col-lg-2 gutters-col-md-2 gutters-col-0 gutters-col-v-lg-2 gutters-col-v-md-2 gutters-col-v-2\">\n          <!---->\n          <div class=\"h-column h-column-container d-flex h-col-lg-auto h-col-md-auto h-col-auto style-626-outer style-local-77-c26-outer\">\n            <div data-colibri-id=\"77-c26\" class=\"d-flex h-flex-basis h-column__inner h-px-lg-2 h-px-md-2 h-px-2 v-inner-lg-2 v-inner-md-2 v-inner-2 style-626 style-local-77-c26 position-relative\">\n              <!---->\n              <!---->\n              <div class=\"w-100 h-y-container h-column__content h-column__v-align flex-basis-100 align-self-lg-start align-self-md-start align-self-start\">\n                <!---->\n                <div data-colibri-id=\"77-c27\" class=\"h-text h-text-component style-629 style-local-77-c27 position-relative h-element\">\n                  <!---->\n                  <!---->\n                  <div class=\"\">\n                    <p>La jornada del 12 de septiembre comienza con la misa rezada a las 9 de la ma\u00f1ana, celebr\u00e1ndose la Solemne Eucarist\u00eda a las 11 horas siendo presidida por alg\u00fan orador importante, como viene siendo tradici\u00f3n y deja constancia Juan Oca\u00f1a\n                      ya en 1908.<\/p>\n                    <p>Cabe destacar entre los actos la Bajada de la Virgen que se realiza a las dos de la tarde, uno de los actos m\u00e1s emotivos al que asisten m\u00e1s de 2.000 personas. Dicha bajada se realiza colocando unos ra\u00edles desde el camar\u00edn a la carroza\n                      y, al canto de la Salve, baja lentamente por medio de un torno y cuerdas, sin notarse apenas movimiento alguno y llenando de l\u00e1grimas de emoci\u00f3n al pueblo de M\u00f3stoles.&nbsp;<\/p>\n                    <p>\n                      <br>\n                    <\/p>\n                    <p>\n                      <br>\n                    <\/p>\n                    <p><span style=\"color: rgb(153, 153, 153); font-family: &quot;Open Sans&quot;; font-size: 16px; font-weight: 400;\">Esta estampa simula el encuentro cada 12 de septiembre de la Madre del pueblo de M\u00f3stoles con sus hijos, que por la tarde la ver\u00e1n salir a las calles del centro de la ciudad para ser homenajeada por los distintos colectivos que cantan, bailan y entregan flores a la patrona de la Villa.<\/span><\/p>\n                    <p>\n                      <br>\n                    <\/p>\n                  <\/div>\n                <\/div>\n                <div data-colibri-id=\"77-c43\" class=\"h-x-container style-1697 style-local-77-c43 position-relative h-element\">\n                  <!---->\n                  <div class=\"h-x-container-inner style-dynamic-77-c43-group style-1697-spacing style-local-77-c43-spacing\"><span class=\"h-button__outer style-1698-outer style-local-77-c44-outer d-inline-flex h-element\"><a h-use-smooth-scroll=\"true\" href=\"https:\/\/youtu.be\/nu8ny1w8M5Y\"  data-colibri-id=\"77-c44\" class=\"d-flex w-100 align-items-center h-button justify-content-lg-center justify-content-md-center justify-content-center style-1698 style-local-77-c44 position-relative\"><!----><!----> <span>Video (Bajada 2020)<\/span><\/a>\n                    <\/span>\n                  <\/div>\n                <\/div>\n              <\/div>\n            <\/div>\n          <\/div>\n          <div class=\"h-column h-column-container d-flex h-col-lg-auto h-col-md-auto h-col-auto style-627-outer style-local-77-c28-outer\">\n            <div data-colibri-id=\"77-c28\" class=\"d-flex h-flex-basis h-column__inner h-px-lg-2 h-px-md-2 h-px-2 v-inner-lg-2 v-inner-md-2 v-inner-2 style-627 style-local-77-c28 position-relative\">\n              <!---->\n              <!---->\n              <div class=\"w-100 h-y-container h-column__content h-column__v-align flex-basis-100 align-self-lg-start align-self-md-start align-self-start\">\n                <!---->\n                <div data-colibri-id=\"77-c29\" class=\"d-block style-628 style-local-77-c29 position-relative h-element\">\n                  <!---->\n                  <div class=\"h-image__frame-container-outer\">\n                    <div class=\"h-image__frame-container\">\n                      <!---->\n                      <!---->\n                      <img loading=\"lazy\" decoding=\"async\" width=\"1710\" height=\"1707\" src=\"https:\/\/www.patronademostoles.es\/es\/wp-content\/uploads\/2020\/12\/cropped-Bajada-Virgen-Ntra-Sra-Santos-4-scaled-1.jpg\" class=\"wp-image-700 style-628-image style-local-77-c29-image\" alt=\"\" srcset=\"https:\/\/www.patronademostoles.es\/es\/wp-content\/uploads\/2020\/12\/cropped-Bajada-Virgen-Ntra-Sra-Santos-4-scaled-1.jpg 1710w, https:\/\/www.patronademostoles.es\/es\/wp-content\/uploads\/2020\/12\/cropped-Bajada-Virgen-Ntra-Sra-Santos-4-scaled-1-300x300.jpg 300w, https:\/\/www.patronademostoles.es\/es\/wp-content\/uploads\/2020\/12\/cropped-Bajada-Virgen-Ntra-Sra-Santos-4-scaled-1-1024x1022.jpg 1024w, https:\/\/www.patronademostoles.es\/es\/wp-content\/uploads\/2020\/12\/cropped-Bajada-Virgen-Ntra-Sra-Santos-4-scaled-1-150x150.jpg 150w, https:\/\/www.patronademostoles.es\/es\/wp-content\/uploads\/2020\/12\/cropped-Bajada-Virgen-Ntra-Sra-Santos-4-scaled-1-768x767.jpg 768w, https:\/\/www.patronademostoles.es\/es\/wp-content\/uploads\/2020\/12\/cropped-Bajada-Virgen-Ntra-Sra-Santos-4-scaled-1-1536x1533.jpg 1536w\" sizes=\"auto, (max-width: 1710px) 100vw, 1710px\" \/>\n                      <div class=\"h-image__frame h-hide-lg h-hide-md h-hide-sm style-628-frameImage style-local-77-c29-frameImage\"><\/div>\n                    <\/div>\n                  <\/div>\n                <\/div>\n              <\/div>\n            <\/div>\n          <\/div>\n        <\/div>\n      <\/div>\n      <div data-colibri-id=\"77-c30\" class=\"h-row-container gutters-row-lg-2 gutters-row-md-2 gutters-row-0 gutters-row-v-lg-2 gutters-row-v-md-2 gutters-row-v-2 style-630 style-local-77-c30 position-relative\">\n        <!---->\n        <div class=\"h-row justify-content-lg-center justify-content-md-center justify-content-center align-items-lg-stretch align-items-md-stretch align-items-stretch gutters-col-lg-2 gutters-col-md-2 gutters-col-0 gutters-col-v-lg-2 gutters-col-v-md-2 gutters-col-v-2\">\n          <!---->\n          <div class=\"h-column h-column-container d-flex h-col-lg-auto h-col-md-auto h-col-auto style-631-outer style-local-77-c31-outer\">\n            <div data-colibri-id=\"77-c31\" class=\"d-flex h-flex-basis h-column__inner h-px-lg-2 h-px-md-2 h-px-2 v-inner-lg-2 v-inner-md-2 v-inner-2 style-631 style-local-77-c31 position-relative\">\n              <!---->\n              <!---->\n              <div class=\"w-100 h-y-container h-column__content h-column__v-align flex-basis-100 align-self-lg-start align-self-md-start align-self-start\">\n                <!---->\n                <div data-colibri-id=\"77-c32\" class=\"d-block style-633 style-local-77-c32 position-relative h-element\">\n                  <!---->\n                  <div class=\"h-image__frame-container-outer\">\n                    <div class=\"h-image__frame-container\">\n                      <!---->\n                      <!---->\n                      <img loading=\"lazy\" decoding=\"async\" width=\"2560\" height=\"1714\" src=\"https:\/\/www.patronademostoles.es\/es\/wp-content\/uploads\/2020\/12\/cropped-DSC_0084-scaled-2.jpg\" class=\"wp-image-701 style-633-image style-local-77-c32-image\" alt=\"\" srcset=\"https:\/\/www.patronademostoles.es\/es\/wp-content\/uploads\/2020\/12\/cropped-DSC_0084-scaled-2.jpg 2560w, https:\/\/www.patronademostoles.es\/es\/wp-content\/uploads\/2020\/12\/cropped-DSC_0084-scaled-2-300x201.jpg 300w, https:\/\/www.patronademostoles.es\/es\/wp-content\/uploads\/2020\/12\/cropped-DSC_0084-scaled-2-1024x686.jpg 1024w, https:\/\/www.patronademostoles.es\/es\/wp-content\/uploads\/2020\/12\/cropped-DSC_0084-scaled-2-768x514.jpg 768w, https:\/\/www.patronademostoles.es\/es\/wp-content\/uploads\/2020\/12\/cropped-DSC_0084-scaled-2-1536x1028.jpg 1536w, https:\/\/www.patronademostoles.es\/es\/wp-content\/uploads\/2020\/12\/cropped-DSC_0084-scaled-2-2048x1371.jpg 2048w\" sizes=\"auto, (max-width: 2560px) 100vw, 2560px\" \/>\n                      <div class=\"h-image__frame h-hide-lg h-hide-md h-hide-sm style-633-frameImage style-local-77-c32-frameImage\"><\/div>\n                    <\/div>\n                  <\/div>\n                <\/div>\n              <\/div>\n            <\/div>\n          <\/div>\n        <\/div>\n      <\/div>\n      <div data-colibri-id=\"77-c33\" class=\"h-row-container gutters-row-lg-2 gutters-row-md-2 gutters-row-0 gutters-row-v-lg-2 gutters-row-v-md-2 gutters-row-v-2 style-634 style-local-77-c33 position-relative\">\n        <!---->\n        <div class=\"h-row justify-content-lg-center justify-content-md-center justify-content-center align-items-lg-stretch align-items-md-stretch align-items-stretch gutters-col-lg-2 gutters-col-md-2 gutters-col-0 gutters-col-v-lg-2 gutters-col-v-md-2 gutters-col-v-2\">\n          <!---->\n          <div class=\"h-column h-column-container d-flex h-col-lg-auto h-col-md-auto h-col-auto style-635-outer style-local-77-c34-outer\">\n            <div data-colibri-id=\"77-c34\" class=\"d-flex h-flex-basis h-column__inner h-px-lg-2 h-px-md-2 h-px-2 v-inner-lg-2 v-inner-md-2 v-inner-2 style-635 style-local-77-c34 position-relative\">\n              <!---->\n              <!---->\n              <div class=\"w-100 h-y-container h-column__content h-column__v-align flex-basis-100 align-self-lg-start align-self-md-start align-self-start\">\n                <!---->\n                <div data-colibri-id=\"77-c35\" class=\"h-text h-text-component style-637 style-local-77-c35 position-relative h-element\">\n                  <!---->\n                  <!---->\n                  <div class=\"\">\n                    <p><span style=\"font-weight: 400; font-size: 16px; font-family: &quot;Open Sans&quot;; color: rgb(153, 153, 153);\">Las fiestas lit\u00fargicas se siguen desarrollando hasta el d\u00eda 28 de septiembre, festividad de San Sim\u00f3n de Rojas, patr\u00f3n de la ciudad y al que se le ofrece un triduo en su honor los d\u00edas 26, 27 y 28 de septiembre. Una vez finalizada la eucarist\u00eda en honor al santo y antes de venerar su reliquia, Nuestra Se\u00f1ora de los Santos emprende de nuevo su camino hacia el camar\u00edn, m\u00e1s conocido por \u2018la Subida de la Virgen\u2019 en el que de nuevo, al canto de la Salve, los mostole\u00f1os se despiden de su patrona hasta el pr\u00f3ximo a\u00f1o.<\/span><\/p>\n                  <\/div>\n                <\/div>\n              <\/div>\n            <\/div>\n          <\/div>\n        <\/div>\n      <\/div>\n      <div data-colibri-id=\"77-c36\" class=\"h-row-container gutters-row-lg-2 gutters-row-md-2 gutters-row-0 gutters-row-v-lg-2 gutters-row-v-md-2 gutters-row-v-2 style-638 style-local-77-c36 position-relative\">\n        <!---->\n        <div class=\"h-row justify-content-lg-center justify-content-md-center justify-content-center align-items-lg-stretch align-items-md-stretch align-items-stretch gutters-col-lg-2 gutters-col-md-2 gutters-col-0 gutters-col-v-lg-2 gutters-col-v-md-2 gutters-col-v-2\">\n          <!---->\n          <div class=\"h-column h-column-container d-flex h-col-lg-auto h-col-md-auto h-col-auto style-639-outer style-local-77-c37-outer\">\n            <div data-colibri-id=\"77-c37\" class=\"d-flex h-flex-basis h-column__inner h-px-lg-2 h-px-md-2 h-px-2 v-inner-lg-2 v-inner-md-2 v-inner-2 style-639 style-local-77-c37 position-relative\">\n              <!---->\n              <!---->\n              <div class=\"w-100 h-y-container h-column__content h-column__v-align flex-basis-100 align-self-lg-start align-self-md-start align-self-start\">\n                <!---->\n                <div data-colibri-id=\"77-c38\" class=\"h-x-container style-641 style-local-77-c38 position-relative h-element\">\n                  <!---->\n                  <div class=\"h-x-container-inner style-dynamic-77-c38-group style-641-spacing style-local-77-c38-spacing\"><span class=\"h-link__outer style-642-outer style-local-77-c39-outer d-inline-flex h-element\"><a h-use-smooth-scroll=\"true\" href=\"https:\/\/www.patronademostoles.es\/es\/historia\/\"  data-colibri-id=\"77-c39\" class=\"d-flex w-100 align-items-center h-link style-642 style-local-77-c39 position-relative\"><!----><!----> <span>&lt;&lt; Historia<\/span><\/a>\n                    <\/span>\n                  <\/div>\n                <\/div>\n              <\/div>\n            <\/div>\n          <\/div>\n          <div class=\"h-column h-column-container d-flex h-col-lg-auto h-col-md-auto h-col-auto style-640-outer style-local-77-c40-outer\">\n            <div data-colibri-id=\"77-c40\" class=\"d-flex h-flex-basis h-column__inner h-px-lg-2 h-px-md-2 h-px-2 v-inner-lg-2 v-inner-md-2 v-inner-2 style-640 style-local-77-c40 position-relative\">\n              <!---->\n              <!---->\n              <div class=\"w-100 h-y-container h-column__content h-column__v-align flex-basis-100 align-self-lg-start align-self-md-start align-self-start\">\n                <!---->\n                <div data-colibri-id=\"77-c41\" class=\"h-x-container style-643 style-local-77-c41 position-relative h-element\">\n                  <!---->\n                  <div class=\"h-x-container-inner style-dynamic-77-c41-group style-643-spacing style-local-77-c41-spacing\"><span class=\"h-link__outer style-644-outer style-local-77-c42-outer d-inline-flex h-element\"><a h-use-smooth-scroll=\"true\" href=\"https:\/\/www.patronademostoles.es\/es\/san-simon-de-rojas\/\"  data-colibri-id=\"77-c42\" class=\"d-flex w-100 align-items-center h-link style-644 style-local-77-c42 position-relative\"><!----><!----> <span>San Sim\u00f3n de rojas &gt;&gt;<\/span><\/a>\n                    <\/span>\n                  <\/div>\n                <\/div>\n              <\/div>\n            <\/div>\n          <\/div>\n        <\/div>\n      <\/div>\n    <\/div>\n  <\/div>\n<\/div>","protected":false},"excerpt":{"rendered":"<p>Una tarde hermosa y apacible del mes de septiembre de 1.514, jugando varios j\u00f3venes en el mismo sitio en donde hoy se encuentra construida la Ermita, fue a parar la pelota a un peque\u00f1o agujero cerca de uno de los muros laterales de aquella especie de front\u00f3n. Inmediatamente y con objeto de sacarla empezaron a [&hellip;]<\/p>\n","protected":false},"author":1,"featured_media":0,"parent":0,"menu_order":0,"comment_status":"closed","ping_status":"closed","template":"page-templates\/full-width-page.php","meta":{"footnotes":""},"class_list":["post-77","page","type-page","status-publish","hentry"],"_links":{"self":[{"href":"https:\/\/www.patronademostoles.es\/es\/wp-json\/wp\/v2\/pages\/77","targetHints":{"allow":["GET"]}}],"collection":[{"href":"https:\/\/www.patronademostoles.es\/es\/wp-json\/wp\/v2\/pages"}],"about":[{"href":"https:\/\/www.patronademostoles.es\/es\/wp-json\/wp\/v2\/types\/page"}],"author":[{"embeddable":true,"href":"https:\/\/www.patronademostoles.es\/es\/wp-json\/wp\/v2\/users\/1"}],"replies":[{"embeddable":true,"href":"https:\/\/www.patronademostoles.es\/es\/wp-json\/wp\/v2\/comments?post=77"}],"version-history":[{"count":18,"href":"https:\/\/www.patronademostoles.es\/es\/wp-json\/wp\/v2\/pages\/77\/revisions"}],"predecessor-version":[{"id":2417,"href":"https:\/\/www.patronademostoles.es\/es\/wp-json\/wp\/v2\/pages\/77\/revisions\/2417"}],"wp:attachment":[{"href":"https:\/\/www.patronademostoles.es\/es\/wp-json\/wp\/v2\/media?parent=77"}],"curies":[{"name":"wp","href":"https:\/\/api.w.org\/{rel}","templated":true}]}}